{"id":52,"date":"2019-08-31T13:54:20","date_gmt":"2019-08-31T13:54:20","guid":{"rendered":"http:\/\/cuc.naedele.eu\/?page_id=52"},"modified":"2019-08-31T14:09:07","modified_gmt":"2019-08-31T14:09:07","slug":"datenschutzerklaerung","status":"publish","type":"page","link":"http:\/\/cuc.naedele.eu\/?page_id=52","title":{"rendered":"Datenschutzerkl\u00e4rung"},"content":{"rendered":"\n<h2 class=\"wp-block-heading\"><\/h2>\n\n\n\n<p>Personenbezogene Daten (nachfolgend zumeist nur \u201eDaten\u201c genannt) \nwerden von uns nur im Rahmen der Erforderlichkeit sowie zum Zwecke der \nBereitstellung eines funktionsf\u00e4higen und nutzerfreundlichen \nInternetauftritts, inklusive seiner Inhalte und der dort angebotenen \nLeistungen, verarbeitet.<\/p>\n\n\n\n<p>Gem\u00e4\u00df Art. 4 Ziffer 1. der Verordnung (EU) 2016\/679, also der \nDatenschutz-Grundverordnung (nachfolgend nur \u201eDSGVO\u201c genannt), gilt als \n\u201eVerarbeitung\u201c jeder mit oder ohne Hilfe automatisierter Verfahren \nausgef\u00fchrter Vorgang oder jede solche Vorgangsreihe im Zusammenhang mit \npersonenbezogenen Daten, wie das Erheben, das Erfassen, die \nOrganisation, das Ordnen, die Speicherung, die Anpassung oder \nVer\u00e4nderung, das Auslesen, das Abfragen, die Verwendung, die Offenlegung\n durch \u00dcbermittlung, Verbreitung oder eine andere Form der \nBereitstellung, den Abgleich oder die Verkn\u00fcpfung, die Einschr\u00e4nkung, \ndas L\u00f6schen oder die Vernichtung.<\/p>\n\n\n\n<p>Mit der nachfolgenden Datenschutzerkl\u00e4rung informieren wir Sie \ninsbesondere \u00fcber Art, Umfang, Zweck, Dauer und Rechtsgrundlage der \nVerarbeitung personenbezogener Daten, soweit wir entweder allein oder \ngemeinsam mit anderen \u00fcber die Zwecke und Mittel der Verarbeitung \nentscheiden. Zudem informieren wir Sie nachfolgend \u00fcber die von uns zu \nOptimierungszwecken sowie zur Steigerung der Nutzungsqualit\u00e4t \neingesetzten Fremdkomponenten, soweit hierdurch Dritte Daten in wiederum\n eigener Verantwortung verarbeiten.<\/p>\n\n\n\n<p>Unsere Datenschutzerkl\u00e4rung ist wie folgt gegliedert:<\/p>\n\n\n\n<p>I. Informationen \u00fcber uns als Verantwortliche<br>II. Rechte der Nutzer und Betroffenen<br>III. Informationen zur Datenverarbeitung<\/p>\n\n\n\n<h3 class=\"wp-block-heading\">I. Informationen \u00fcber uns als Verantwortliche<\/h3>\n\n\n\n<p>Verantwortlicher Anbieter dieses Internetauftritts im datenschutzrechtlichen Sinne ist:<\/p>\n\n\n\n<p>J\u00f6rg N\u00e4dele<br>Hag\u00e4ckerstr. 16<br>89079 Ulm<br>Deutschland<\/p>\n\n\n\n<p>Telefon: 07305957750<br>E-Mail: admin@naedele.eu<\/p>\n\n\n\n<p>Datenschutzbeauftragte\/r beim Anbieter ist:<\/p>\n\n\n\n<p><\/p>\n\n\n\n<h3 class=\"wp-block-heading\">II. Rechte der Nutzer und Betroffenen<\/h3>\n\n\n\n<p>Mit Blick auf die nachfolgend noch n\u00e4her beschriebene Datenverarbeitung haben die Nutzer und Betroffenen das Recht<\/p>\n\n\n\n<ul class=\"wp-block-list\"><li>auf Best\u00e4tigung, ob sie betreffende Daten verarbeitet werden, auf \nAuskunft \u00fcber die verarbeiteten Daten, auf weitere Informationen \u00fcber \ndie Datenverarbeitung sowie auf Kopien der Daten (vgl. auch Art. 15 \nDSGVO);<\/li><li>auf Berichtigung oder Vervollst\u00e4ndigung unrichtiger bzw. unvollst\u00e4ndiger Daten (vgl. auch Art. 16 DSGVO);<\/li><li>auf unverz\u00fcgliche L\u00f6schung der sie betreffenden Daten (vgl. auch \nArt. 17 DSGVO), oder, alternativ, soweit eine weitere Verarbeitung gem\u00e4\u00df\n Art. 17 Abs. 3 DSGVO erforderlich ist, auf Einschr\u00e4nkung der \nVerarbeitung nach Ma\u00dfgabe von Art. 18 DSGVO;<\/li><li>auf Erhalt der sie betreffenden und von ihnen bereitgestellten Daten\n und auf \u00dcbermittlung dieser Daten an andere Anbieter\/Verantwortliche \n(vgl. auch Art. 20 DSGVO);<\/li><li>auf Beschwerde gegen\u00fcber der Aufsichtsbeh\u00f6rde, sofern sie der \nAnsicht sind, dass die sie betreffenden Daten durch den Anbieter unter \nVersto\u00df gegen datenschutzrechtliche Bestimmungen verarbeitet werden \n(vgl. auch Art. 77 DSGVO).<\/li><\/ul>\n\n\n\n<p>Dar\u00fcber hinaus ist der Anbieter dazu verpflichtet, alle Empf\u00e4nger, \ndenen gegen\u00fcber Daten durch den Anbieter offengelegt worden sind, \u00fcber \njedwede Berichtigung oder L\u00f6schung von Daten oder die Einschr\u00e4nkung der \nVerarbeitung, die aufgrund der Artikel 16, 17 Abs. 1, 18 DSGVO erfolgt, \nzu unterrichten. Diese Verpflichtung besteht jedoch nicht, soweit diese \nMitteilung unm\u00f6glich oder mit einem unverh\u00e4ltnism\u00e4\u00dfigen Aufwand \nverbunden ist. Unbeschadet dessen hat der Nutzer ein Recht auf Auskunft \n\u00fcber diese Empf\u00e4nger.<\/p>\n\n\n\n<p><strong>Ebenfalls haben die Nutzer und Betroffenen nach Art. 21 DSGVO\n das Recht auf Widerspruch gegen die k\u00fcnftige Verarbeitung der sie \nbetreffenden Daten, sofern die Daten durch den Anbieter nach Ma\u00dfgabe von\n Art. 6 Abs. 1 lit. f) DSGVO verarbeitet werden. Insbesondere ist ein \nWiderspruch gegen die Datenverarbeitung zum Zwecke der Direktwerbung \nstatthaft.<\/strong><\/p>\n\n\n\n<h3 class=\"wp-block-heading\">III. Informationen zur Datenverarbeitung<\/h3>\n\n\n\n<p>Ihre bei Nutzung unseres Internetauftritts verarbeiteten Daten werden\n gel\u00f6scht oder gesperrt, sobald der Zweck der Speicherung entf\u00e4llt, der \nL\u00f6schung der Daten keine gesetzlichen Aufbewahrungspflichten \nentgegenstehen und nachfolgend keine anderslautenden Angaben zu \neinzelnen Verarbeitungsverfahren gemacht werden.<\/p>\n\n\n\n<h4 class=\"wp-block-heading\">Serverdaten<\/h4>\n\n\n\n<p>Aus technischen Gr\u00fcnden, insbesondere zur Gew\u00e4hrleistung eines \nsicheren und stabilen Internetauftritts, werden Daten durch Ihren \nInternet-Browser an uns bzw. an unseren Webspace-Provider \u00fcbermittelt. \nMit diesen sog. Server-Logfiles werden u.a. Typ und Version Ihres \nInternetbrowsers, das Betriebssystem, die Website, von der aus Sie auf \nunseren Internetauftritt gewechselt haben (Referrer URL), die Website(s)\n unseres Internetauftritts, die Sie besuchen, Datum und Uhrzeit des \njeweiligen Zugriffs sowie die IP-Adresse des Internetanschlusses, von \ndem aus die Nutzung unseres Internetauftritts erfolgt, erhoben.<\/p>\n\n\n\n<p>Diese so erhobenen Daten werden vorr\u00fcbergehend gespeichert, dies jedoch nicht gemeinsam mit anderen Daten von Ihnen.<\/p>\n\n\n\n<p>Diese Speicherung erfolgt auf der Rechtsgrundlage von Art. 6 Abs. 1 \nlit. f) DSGVO. Unser berechtigtes Interesse liegt in der Verbesserung, \nStabilit\u00e4t, Funktionalit\u00e4t und Sicherheit unseres Internetauftritts.<\/p>\n\n\n\n<p>Die Daten werden sp\u00e4testens nach sieben Tage wieder gel\u00f6scht, soweit \nkeine weitere Aufbewahrung zu Beweiszwecken erforderlich ist. \nAndernfalls sind die Daten bis zur endg\u00fcltigen Kl\u00e4rung eines Vorfalls \nganz oder teilweise von der L\u00f6schung ausgenommen.<\/p>\n\n\n\n<h4 class=\"wp-block-heading\">Cookies<\/h4>\n\n\n\n<h5 class=\"wp-block-heading\">a) Sitzungs-Cookies\/Session-Cookies<\/h5>\n\n\n\n<p>Wir verwenden mit unserem Internetauftritt sog. Cookies. Cookies sind\n kleine Textdateien oder andere Speichertechnologien, die durch den von \nIhnen eingesetzten Internet-Browser auf Ihrem Endger\u00e4t ablegt und \ngespeichert werden. Durch diese Cookies werden im individuellen Umfang \nbestimmte Informationen von Ihnen, wie beispielsweise Ihre Browser- oder\n Standortdaten oder Ihre IP-Adresse, verarbeitet. &nbsp;<\/p>\n\n\n\n<p>Durch diese Verarbeitung wird unser Internetauftritt \nbenutzerfreundlicher, effektiver und sicherer, da die Verarbeitung bspw.\n die Wiedergabe unseres Internetauftritts in unterschiedlichen Sprachen \noder das Angebot einer Warenkorbfunktion erm\u00f6glicht.<\/p>\n\n\n\n<p>Rechtsgrundlage dieser Verarbeitung ist Art. 6 Abs. 1 lit b.) DSGVO, \nsofern diese Cookies Daten zur Vertragsanbahnung oder Vertragsabwicklung\n verarbeitet werden.<\/p>\n\n\n\n<p>Falls die Verarbeitung nicht der Vertragsanbahnung oder \nVertragsabwicklung dient, liegt unser berechtigtes Interesse in der \nVerbesserung der Funktionalit\u00e4t unseres Internetauftritts. \nRechtsgrundlage ist in dann Art. 6 Abs. 1 lit. f) DSGVO.<\/p>\n\n\n\n<p>Mit Schlie\u00dfen Ihres Internet-Browsers werden diese Session-Cookies gel\u00f6scht.<\/p>\n\n\n\n<h5 class=\"wp-block-heading\">b) Drittanbieter-Cookies<\/h5>\n\n\n\n<p>Gegebenenfalls werden mit unserem Internetauftritt auch Cookies von \nPartnerunternehmen, mit denen wir zum Zwecke der Werbung, der Analyse \noder der Funktionalit\u00e4ten unseres Internetauftritts zusammenarbeiten, \nverwendet.<\/p>\n\n\n\n<p>Die Einzelheiten hierzu, insbesondere zu den Zwecken und den \nRechtsgrundlagen der Verarbeitung solcher Drittanbieter-Cookies, \nentnehmen Sie bitte den nachfolgenden Informationen.<\/p>\n\n\n\n<h5 class=\"wp-block-heading\">c) Beseitigungsm\u00f6glichkeit<\/h5>\n\n\n\n<p>Sie k\u00f6nnen die Installation der Cookies durch eine Einstellung Ihres \nInternet-Browsers verhindern oder einschr\u00e4nken. Ebenfalls k\u00f6nnen Sie \nbereits gespeicherte Cookies jederzeit l\u00f6schen. Die hierf\u00fcr \nerforderlichen Schritte und Ma\u00dfnahmen h\u00e4ngen jedoch von Ihrem konkret \ngenutzten Internet-Browser ab. Bei Fragen benutzen Sie daher bitte die \nHilfefunktion oder Dokumentation Ihres Internet-Browsers oder wenden \nsich an dessen Hersteller bzw. Support. Bei sog. Flash-Cookies kann die \nVerarbeitung allerdings nicht \u00fcber die Einstellungen des Browsers \nunterbunden werden. Stattdessen m\u00fcssen Sie insoweit die Einstellung \nIhres Flash-Players \u00e4ndern. Auch die hierf\u00fcr erforderlichen Schritte und\n Ma\u00dfnahmen h\u00e4ngen von Ihrem konkret genutzten Flash-Player ab. Bei \nFragen benutzen Sie daher bitte ebenso die Hilfefunktion oder \nDokumentation Ihres Flash-Players oder wenden sich an den Hersteller \nbzw. Benutzer-Support.<\/p>\n\n\n\n<p>Sollten Sie die Installation der Cookies verhindern oder \neinschr\u00e4nken, kann dies allerdings dazu f\u00fchren, dass nicht s\u00e4mtliche \nFunktionen unseres Internetauftritts vollumf\u00e4nglich nutzbar sind. <\/p>\n\n\n\n<p>\n<a target=\"_blank\" href=\"https:\/\/www.ratgeberrecht.eu\/leistungen\/muster-datenschutzerklaerung.html\" rel=\"noreferrer noopener\">Muster-Datenschutzerkl\u00e4rung<\/a> der <a target=\"_blank\" href=\"https:\/\/www.ratgeberrecht.eu\/datenschutz\/datenschutzerklaerung-generator-dsgvo.html\" rel=\"noreferrer noopener\">Anwaltskanzlei Wei\u00df &amp; Partner<\/a><\/p>\n","protected":false},"excerpt":{"rendered":"<p>Personenbezogene Daten (nachfolgend zumeist nur \u201eDaten\u201c genannt) werden von uns nur im Rahmen der Erforderlichkeit sowie zum Zwecke der Bereitstellung eines funktionsf\u00e4higen und nutzerfreundlichen Internetauftritts, inklusive seiner Inhalte und der dort angebotenen Leistungen, verarbeitet. Gem\u00e4\u00df Art. 4 Ziffer 1. der &hellip; <\/p>\n","protected":false},"author":1,"featured_media":0,"parent":0,"menu_order":0,"comment_status":"closed","ping_status":"closed","template":"","meta":{"footnotes":""},"class_list":["post-52","page","type-page","status-publish","hentry"],"_links":{"self":[{"href":"http:\/\/cuc.naedele.eu\/index.php?rest_route=\/wp\/v2\/pages\/52","targetHints":{"allow":["GET"]}}],"collection":[{"href":"http:\/\/cuc.naedele.eu\/index.php?rest_route=\/wp\/v2\/pages"}],"about":[{"href":"http:\/\/cuc.naedele.eu\/index.php?rest_route=\/wp\/v2\/types\/page"}],"author":[{"embeddable":true,"href":"http:\/\/cuc.naedele.eu\/index.php?rest_route=\/wp\/v2\/users\/1"}],"replies":[{"embeddable":true,"href":"http:\/\/cuc.naedele.eu\/index.php?rest_route=%2Fwp%2Fv2%2Fcomments&post=52"}],"version-history":[{"count":2,"href":"http:\/\/cuc.naedele.eu\/index.php?rest_route=\/wp\/v2\/pages\/52\/revisions"}],"predecessor-version":[{"id":57,"href":"http:\/\/cuc.naedele.eu\/index.php?rest_route=\/wp\/v2\/pages\/52\/revisions\/57"}],"wp:attachment":[{"href":"http:\/\/cuc.naedele.eu\/index.php?rest_route=%2Fwp%2Fv2%2Fmedia&parent=52"}],"curies":[{"name":"wp","href":"https:\/\/api.w.org\/{rel}","templated":true}]}}